{"id":1726,"date":"2023-04-17T18:22:45","date_gmt":"2023-04-17T22:22:45","guid":{"rendered":"https:\/\/laescuelitanyc.website\/el-mejor-centro-preescolar-bilingue-espanol-ingles-de-nueva-york\/"},"modified":"2025-09-13T16:17:31","modified_gmt":"2025-09-13T20:17:31","slug":"el-mejor-centro-preescolar-bilingue-espanol-ingles-de-nueva-york","status":"publish","type":"page","link":"https:\/\/laescuelitanyc.org\/es\/","title":{"rendered":"El mejor centro preescolar biling\u00fce espa\u00f1ol-ingl\u00e9s de Nueva York"},"content":{"rendered":"<p>[et_pb_section fb_built=&#8221;1&#8243; custom_padding_last_edited=&#8221;on|tablet&#8221; admin_label=&#8221;Hero&#8221; module_class=&#8221;hero-section&#8221; _builder_version=&#8221;4.21.0&#8243; _module_preset=&#8221;default&#8221; background_color=&#8221;#FFBC03&#8243; background_enable_image=&#8221;off&#8221; background_size=&#8221;initial&#8221; background_position=&#8221;top_right&#8221; custom_margin=&#8221;0px||0px||false|false&#8221; custom_padding=&#8221;0px||0px||false|false&#8221; custom_padding_tablet=&#8221;0px||11vh||false|false&#8221; custom_padding_phone=&#8221;0px||11vh||false|false&#8221; top_divider_color=&#8221;#FFFFFF&#8221; top_divider_height=&#8221;50px&#8221; top_divider_flip=&#8221;horizontal|vertical&#8221; bottom_divider_style=&#8221;curve&#8221; bottom_divider_color=&#8221;#FFFFFF&#8221; bottom_divider_arrangement=&#8221;above_content&#8221; background_last_edited=&#8221;on|tablet&#8221; use_background_color_gradient_tablet=&#8221;on&#8221; background_color_gradient_stops_tablet=&#8221;#ffbc03 100%|rgba(255,255,255,0) 100%&#8221; collapsed=&#8221;off&#8221; global_colors_info=&#8221;{}&#8221;][et_pb_row column_structure=&#8221;1_2,1_2&#8243; custom_padding_last_edited=&#8221;on|tablet&#8221; _builder_version=&#8221;4.21.0&#8243; _module_preset=&#8221;default&#8221; background_enable_image=&#8221;off&#8221; width=&#8221;100%&#8221; max_width=&#8221;100%&#8221; custom_padding=&#8221;0px|0px|0px|0px|false|false&#8221; custom_padding_tablet=&#8221;||0px||false|false&#8221; custom_padding_phone=&#8221;||0px||false|false&#8221; animation_style=&#8221;fade&#8221; collapsed=&#8221;off&#8221; global_colors_info=&#8221;{}&#8221;][et_pb_column type=&#8221;1_2&#8243; _builder_version=&#8221;4.21.0&#8243; _module_preset=&#8221;default&#8221; background_enable_color=&#8221;off&#8221; custom_padding=&#8221;8vh|10vw|10vh|10vw|false|true&#8221; custom_padding_tablet=&#8221;6vh|10vw|10vh|10vw|false|true&#8221; custom_padding_phone=&#8221;6vh|10vw|2vh|10vw|false|true&#8221; custom_padding_last_edited=&#8221;on|tablet&#8221; global_colors_info=&#8221;{}&#8221;][dnxte_thumbs_gallery_parent disabled_on=&#8221;off|off|on&#8221; _builder_version=&#8221;4.21.0&#8243; _module_preset=&#8221;default&#8221; global_colors_info=&#8221;{}&#8221;][dnxte_thumbs_gallery_child thumbs_gallery_top_image=&#8221;https:\/\/laescuelitanyc.org\/wp-content\/uploads\/2023\/07\/gallery-two-kids-playing-01.jpg&#8221; thumbs_gallery_top_alt=&#8221;Kids at La Escuelita playing&#8221; _builder_version=&#8221;4.21.0&#8243; _module_preset=&#8221;default&#8221; global_colors_info=&#8221;{}&#8221;][\/dnxte_thumbs_gallery_child][dnxte_thumbs_gallery_child thumbs_gallery_top_image=&#8221;https:\/\/laescuelitanyc.org\/wp-content\/uploads\/2023\/07\/gallery-home-trees-kids-01.jpg&#8221; thumbs_gallery_top_alt=&#8221;Kids outdoor playing&#8221; _builder_version=&#8221;4.21.0&#8243; _module_preset=&#8221;default&#8221; global_colors_info=&#8221;{}&#8221;][\/dnxte_thumbs_gallery_child][dnxte_thumbs_gallery_child thumbs_gallery_top_image=&#8221;https:\/\/laescuelitanyc.org\/wp-content\/uploads\/2023\/07\/gallery-home-hourglass-kid-01.jpg&#8221; thumbs_gallery_top_alt=&#8221;Boy with yellow hour glass&#8221; _builder_version=&#8221;4.21.0&#8243; _module_preset=&#8221;default&#8221; global_colors_info=&#8221;{}&#8221;][\/dnxte_thumbs_gallery_child][dnxte_thumbs_gallery_child thumbs_gallery_top_image=&#8221;https:\/\/laescuelitanyc.org\/wp-content\/uploads\/2023\/07\/gallery-home-4-01.jpg&#8221; thumbs_gallery_top_alt=&#8221;Kids studying and playing together&#8221; _builder_version=&#8221;4.21.0&#8243; _module_preset=&#8221;default&#8221; global_colors_info=&#8221;{}&#8221;][\/dnxte_thumbs_gallery_child][\/dnxte_thumbs_gallery_parent][et_pb_text _builder_version=&#8221;4.21.0&#8243; _module_preset=&#8221;default&#8221; max_width=&#8221;650px&#8221; custom_margin=&#8221;||10px||false|false&#8221; global_colors_info=&#8221;{}&#8221;]<\/p>\n<h1><span>Preescolar biling\u00fce espa\u00f1ol\/ingl\u00e9s en NYC<\/span><\/h1>\n<p>[\/et_pb_text][et_pb_text _builder_version=&#8221;4.21.0&#8243; _module_preset=&#8221;default&#8221; max_width=&#8221;650px&#8221; global_colors_info=&#8221;{}&#8221;]Fundada en 2003, La Escuelita fue uno de los primeros centros preescolares biling\u00fces en espa\u00f1ol de la ciudad de Nueva York. La Escuelita es un centro preescolar independiente y sin \u00e1nimo de lucro situado en el Upper West Side de Manhattan, que atiende a ni\u00f1os de 2 a 5 a\u00f1os. Ofrecemos un plan de estudios emergente y basado en el juego, con el apoyo de nuestros profesores altamente cualificados en un entorno rico en idiomas.[\/et_pb_text][et_pb_code _builder_version=&#8221;4.21.2&#8243; _module_preset=&#8221;default&#8221; global_colors_info=&#8221;{}&#8221;]<\/p>\n<div class=\"side-by-elements\"><!-- [et_pb_line_break_holder] -->  <\/p>\n<div class=\"left\"><!-- [et_pb_line_break_holder] -->    <a href=\"https:\/\/laescuelitanyc.org\/es\/solicitud-de-admision-en-preescolar\/\" class=\"et_pb_button black-btn\">Empiece ac\u00e1<\/a><!-- [et_pb_line_break_holder] -->  <\/div>\n<p><!-- [et_pb_line_break_holder] -->  <\/p>\n<div class=\"right\"><!-- [et_pb_line_break_holder] -->    <a href=\"https:\/\/laescuelitanyc.org\/es\/acerca-de-nuestro-centro-preescolar-bilingue\/\" class=\"text-only-link\">Qui\u00e9nes somos<\/a><!-- [et_pb_line_break_holder] -->  <\/div>\n<p><!-- [et_pb_line_break_holder] --><\/div>\n<p>[\/et_pb_code][\/et_pb_column][et_pb_column type=&#8221;1_2&#8243; module_class=&#8221;custom-home-gallery&#8221; _builder_version=&#8221;4.21.0&#8243; _module_preset=&#8221;default&#8221; global_colors_info=&#8221;{}&#8221;][et_pb_divider show_divider=&#8221;off&#8221; _builder_version=&#8221;4.21.0&#8243; _module_preset=&#8221;default&#8221; global_colors_info=&#8221;{}&#8221;][\/et_pb_divider][\/et_pb_column][\/et_pb_row][\/et_pb_section][et_pb_section fb_built=&#8221;1&#8243; admin_label=&#8221;About&#8221; _builder_version=&#8221;4.21.0&#8243; _module_preset=&#8221;default&#8221; custom_padding=&#8221;||0px||false|false&#8221; collapsed=&#8221;off&#8221; global_colors_info=&#8221;{}&#8221;][et_pb_row custom_padding_last_edited=&#8221;on|tablet&#8221; module_class=&#8221;about-arrow-row&#8221; _builder_version=&#8221;4.21.0&#8243; _module_preset=&#8221;default&#8221; custom_padding=&#8221;||||false|false&#8221; custom_padding_tablet=&#8221;||0px||false|false&#8221; custom_padding_phone=&#8221;0px||0px||false|false&#8221; global_colors_info=&#8221;{}&#8221;][et_pb_column type=&#8221;4_4&#8243; _builder_version=&#8221;4.21.0&#8243; _module_preset=&#8221;default&#8221; global_colors_info=&#8221;{}&#8221;][et_pb_text _builder_version=&#8221;4.21.0&#8243; _module_preset=&#8221;default&#8221; text_orientation=&#8221;center&#8221; max_width=&#8221;650px&#8221; module_alignment=&#8221;center&#8221; global_colors_info=&#8221;{}&#8221;]<\/p>\n<h2>Acerca de La Escuelita<\/h2>\n<p>La Escuelita es una pr\u00f3spera comunidad de educadores con talento, padres comprometidos y ni\u00f1os curiosos. La Escuelita se fund\u00f3 con un compromiso con tres valores fundamentales, que a\u00fan hoy constituyen la base de nuestra comunidad.<\/p>\n<p>[\/et_pb_text][et_pb_code module_class=&#8221;links-mobile&#8221; _builder_version=&#8221;4.21.0&#8243; _module_preset=&#8221;default&#8221; global_colors_info=&#8221;{}&#8221;]<\/p>\n<div class=\"side-by-elements justify-center\"><!-- [et_pb_line_break_holder] -->  <\/p>\n<div class=\"left\"><a href=\"https:\/\/laescuelitanyc.org\/es\/acerca-de-nuestro-centro-preescolar-bilingue\/\" class=\"text-only-link\">Nuestra historia<\/a><\/div>\n<div class=\"left\"><a href=\"https:\/\/laescuelitanyc.org\/es\/educacion-bilingue-en-manhattan\/\" class=\"text-only-link\">Nuestra filosof\u00eda<\/a><\/div>\n<p><!-- [et_pb_line_break_holder] -->  <\/p>\n<div class=\"right\"><a href=\"https:\/\/laescuelitanyc.org\/es\/acerca-de-nuestro-centro-preescolar-bilingue\/#meet-the-team\" class=\"text-only-link\">Conoce a nuestro equipo<\/a><\/div>\n<p><!-- [et_pb_line_break_holder] --><\/div>\n<p><!-- [et_pb_line_break_holder] -->[\/et_pb_code][\/et_pb_column][\/et_pb_row][\/et_pb_section][et_pb_section fb_built=&#8221;1&#8243; custom_padding_last_edited=&#8221;on|tablet&#8221; admin_label=&#8221;3 Tiles&#8221; _builder_version=&#8221;4.21.0&#8243; _module_preset=&#8221;default&#8221; background_enable_image=&#8221;off&#8221; background_size=&#8221;custom&#8221; background_image_width=&#8221;175px&#8221; background_position=&#8221;bottom_left&#8221; background_horizontal_offset=&#8221;-2%&#8221; background_vertical_offset=&#8221;3%&#8221; custom_padding=&#8221;||25px||false|false&#8221; custom_padding_tablet=&#8221;||25px||false|false&#8221; custom_padding_phone=&#8221;0px||25px||false|false&#8221; bottom_divider_style=&#8221;curve&#8221; bottom_divider_color=&#8221;#fff3e9&#8243; bottom_divider_flip=&#8221;vertical&#8221; collapsed=&#8221;off&#8221; global_colors_info=&#8221;{}&#8221;][et_pb_row column_structure=&#8221;1_3,1_3,1_3&#8243; _builder_version=&#8221;4.21.0&#8243; _module_preset=&#8221;default&#8221; collapsed=&#8221;off&#8221; global_colors_info=&#8221;{}&#8221;][et_pb_column type=&#8221;1_3&#8243; module_class=&#8221;with-border&#8221; _builder_version=&#8221;4.21.0&#8243; _module_preset=&#8221;default&#8221; global_colors_info=&#8221;{}&#8221;][et_pb_blurb title=&#8221;Aprendizaje basado en el juego&#8221; image=&#8221;https:\/\/laescuelitanyc.org\/wp-content\/uploads\/2023\/05\/la-escuelita-gallery-2.jpg&#8221; image_icon_width_tablet=&#8221;65%&#8221; image_icon_width_phone=&#8221;100%&#8221; image_icon_width_last_edited=&#8221;on|tablet&#8221; module_class=&#8221;circle circle-with-border color-circle-1 zoom&#8221; _builder_version=&#8221;4.21.0&#8243; _module_preset=&#8221;default&#8221; text_orientation=&#8221;center&#8221; link_option_url=&#8221;https:\/\/laescuelitanyc.org\/es\/educacion-bilingue-en-manhattan\/#philosophy&#8221; global_colors_info=&#8221;{}&#8221;]<\/p>\n<p>Todo lo que hacemos se basa en el juego, porque las investigaciones demuestran que los ni\u00f1os aprenden mejor as\u00ed.<\/p>\n<p>[\/et_pb_blurb][\/et_pb_column][et_pb_column type=&#8221;1_3&#8243; module_class=&#8221;with-border&#8221; _builder_version=&#8221;4.21.0&#8243; _module_preset=&#8221;default&#8221; global_colors_info=&#8221;{}&#8221;][et_pb_blurb title=&#8221;Diversidad&#8221; image=&#8221;https:\/\/laescuelitanyc.org\/wp-content\/uploads\/2023\/07\/diversity-01.jpg&#8221; image_icon_width_tablet=&#8221;65%&#8221; image_icon_width_phone=&#8221;100%&#8221; image_icon_width_last_edited=&#8221;on|phone&#8221; module_class=&#8221;circle circle-with-border color-circle-1 zoom&#8221; _builder_version=&#8221;4.21.0&#8243; _module_preset=&#8221;default&#8221; text_orientation=&#8221;center&#8221; global_colors_info=&#8221;{}&#8221;]<\/p>\n<p>La Escuelita tiene un compromiso inquebrantable de acoger y crear una comunidad de familias de diversos or\u00edgenes y composiciones.<\/p>\n<p>[\/et_pb_blurb][\/et_pb_column][et_pb_column type=&#8221;1_3&#8243; module_class=&#8221;with-border&#8221; _builder_version=&#8221;4.21.0&#8243; _module_preset=&#8221;default&#8221; global_colors_info=&#8221;{}&#8221;][et_pb_blurb title=&#8221;Biling\u00fcismo&#8221; image=&#8221;https:\/\/laescuelitanyc.org\/wp-content\/uploads\/2023\/07\/bilingualism-home.jpg&#8221; image_icon_width_tablet=&#8221;65%&#8221; image_icon_width_phone=&#8221;100%&#8221; image_icon_width_last_edited=&#8221;on|phone&#8221; module_class=&#8221;circle circle-with-border color-circle-1 zoom&#8221; _builder_version=&#8221;4.22.1&#8243; _module_preset=&#8221;default&#8221; text_orientation=&#8221;center&#8221; global_colors_info=&#8221;{}&#8221;]<\/p>\n<p>Los estudiantes de La Escuelita desarrollan las habilidades ling\u00fc\u00edsticas en espa\u00f1ol e ingl\u00e9s, al mismo tiempo que adquieren los elementos b\u00e1sicos de la alfabetizaci\u00f3n. Tambi\u00e9n ellos aprenden valores y conocimientos interculturales.<\/p>\n<p>[\/et_pb_blurb][\/et_pb_column][\/et_pb_row][et_pb_row _builder_version=&#8221;4.21.0&#8243; _module_preset=&#8221;default&#8221; custom_margin=&#8221;||0px||false|false&#8221; custom_padding=&#8221;0px||0px||false|false&#8221; collapsed=&#8221;on&#8221; global_colors_info=&#8221;{}&#8221;][et_pb_column type=&#8221;4_4&#8243; _builder_version=&#8221;4.21.0&#8243; _module_preset=&#8221;default&#8221; global_colors_info=&#8221;{}&#8221;][et_pb_code admin_label=&#8221;C\u00f3digo &#8211; Music Notes&#8221; _builder_version=&#8221;4.21.0&#8243; _module_preset=&#8221;default&#8221; text_orientation=&#8221;center&#8221; global_colors_info=&#8221;{}&#8221;]<\/p>\n<div class=\"muzieknootjes\"><!-- [et_pb_line_break_holder] -->  <\/p>\n<div class=\"noot-1\"><!-- [et_pb_line_break_holder] -->  \u266b \u2669<!-- [et_pb_line_break_holder] --><\/div>\n<p><!-- [et_pb_line_break_holder] --><\/p>\n<div class=\"noot-2\"><!-- [et_pb_line_break_holder] -->  \u2669<!-- [et_pb_line_break_holder] --><\/div>\n<p><!-- [et_pb_line_break_holder] --><\/p>\n<div class=\"noot-3\"><!-- [et_pb_line_break_holder] -->  \u266f \u266a<!-- [et_pb_line_break_holder] --><\/div>\n<p><!-- [et_pb_line_break_holder] --><\/p>\n<div class=\"noot-4\"><!-- [et_pb_line_break_holder] -->  \u266a<!-- [et_pb_line_break_holder] --><\/div>\n<p><!-- [et_pb_line_break_holder] --><\/div>\n<p>[\/et_pb_code][\/et_pb_column][\/et_pb_row][et_pb_row _builder_version=&#8221;4.21.0&#8243; _module_preset=&#8221;default&#8221; custom_margin=&#8221;||0px||false|false&#8221; custom_padding=&#8221;0px||0px||false|false&#8221; collapsed=&#8221;on&#8221; global_colors_info=&#8221;{}&#8221;][et_pb_column type=&#8221;4_4&#8243; _builder_version=&#8221;4.21.0&#8243; _module_preset=&#8221;default&#8221; custom_css_main_element=&#8221;    display: flex;||    justify-content: center;&#8221; global_colors_info=&#8221;{}&#8221;][et_pb_image src=&#8221;https:\/\/laescuelitanyc.org\/wp-content\/uploads\/2023\/06\/LE-Web-Illustrations_music-classroom-orange.svg&#8221; title_text=&#8221;M\u00fasica&#8221; align=&#8221;center&#8221; admin_label=&#8221;Image&#8221; _builder_version=&#8221;4.21.0&#8243; _module_preset=&#8221;default&#8221; width=&#8221;150px&#8221; global_colors_info=&#8221;{}&#8221;][\/et_pb_image][\/et_pb_column][\/et_pb_row][\/et_pb_section][et_pb_section fb_built=&#8221;1&#8243; admin_label=&#8221;Look Inside&#8221; _builder_version=&#8221;4.21.0&#8243; _module_preset=&#8221;default&#8221; background_color=&#8221;#fff3e9&#8243; custom_margin=&#8221;||||false|false&#8221; custom_padding=&#8221;0px||0px||false|false&#8221; collapsed=&#8221;off&#8221; global_colors_info=&#8221;{}&#8221;][et_pb_row custom_padding_last_edited=&#8221;on|phone&#8221; _builder_version=&#8221;4.21.0&#8243; _module_preset=&#8221;default&#8221; custom_padding=&#8221;0px||||false|false&#8221; custom_padding_tablet=&#8221;0px||||false|false&#8221; custom_padding_phone=&#8221;||0px||false|false&#8221; collapsed=&#8221;off&#8221; global_colors_info=&#8221;{}&#8221;][et_pb_column type=&#8221;4_4&#8243; _builder_version=&#8221;4.21.0&#8243; _module_preset=&#8221;default&#8221; global_colors_info=&#8221;{}&#8221;][et_pb_text _builder_version=&#8221;4.22.1&#8243; _module_preset=&#8221;default&#8221; text_orientation=&#8221;center&#8221; max_width=&#8221;650px&#8221; module_alignment=&#8221;center&#8221; global_colors_info=&#8221;{}&#8221;]<\/p>\n<h2>Mira adentro<\/h2>\n<p>Adentro de nuestras aulas, encontrar\u00e1 estudiantes &#8220;trabajando duro.&#8221; Pueden estar jugando en la zona de juego dram\u00e1tico, escarbando en el slimo de la mesa sensorial, haciendo m\u00fasica, o construyendo con bloques. Nuestros apasionados y entregados profesores aportan su formaci\u00f3n profesional e intereses personales, para facilitar estas experiencias pr\u00e1cticas de aprendizaje.<\/p>\n<p>[\/et_pb_text][et_pb_code module_class=&#8221;links-mobile&#8221; _builder_version=&#8221;4.21.2&#8243; _module_preset=&#8221;default&#8221; global_colors_info=&#8221;{}&#8221;]<\/p>\n<div class=\"side-by-elements justify-center\"><!-- [et_pb_line_break_holder] -->  <\/p>\n<div class=\"left\"><a href=\"https:\/\/laescuelitanyc.org\/es\/educacion-bilingue-en-manhattan\/#programs\" class=\"text-only-link\">Programas<\/a><\/div>\n<p><!-- [et_pb_line_break_holder] -->  <\/p>\n<div class=\"left\"><a href=\"https:\/\/laescuelitanyc.org\/es\/galeria-preescolar-y-visita-a-las-instalaciones\/\" class=\"text-only-link\">Galer\u00eda<\/a><\/div>\n<p><!-- [et_pb_line_break_holder] -->  <\/p>\n<div class=\"right\"><span class=\"video-popup\">Vea nuestro v\u00eddeo<\/span><\/div>\n<p><!-- [et_pb_line_break_holder] -->  <\/p>\n<div class=\"right\"><a href=\"https:\/\/laescuelitanyc.org\/es\/galeria-preescolar-y-visita-a-las-instalaciones\/#facility\" class=\"text-only-link\">Nuestras instalaciones<\/a><\/div>\n<p><!-- [et_pb_line_break_holder] --><\/div>\n<p><!-- [et_pb_line_break_holder] -->[\/et_pb_code][\/et_pb_column][\/et_pb_row][\/et_pb_section][et_pb_section fb_built=&#8221;1&#8243; custom_padding_last_edited=&#8221;on|tablet&#8221; admin_label=&#8221;Look Inside Gallery&#8221; module_class=&#8221;cloud-section&#8221; _builder_version=&#8221;4.21.0&#8243; _module_preset=&#8221;default&#8221; background_color=&#8221;#fff3e9&#8243; background_enable_image=&#8221;off&#8221; background_size=&#8221;custom&#8221; background_image_width=&#8221;200px&#8221; background_position=&#8221;bottom_left&#8221; background_horizontal_offset=&#8221;-1%&#8221; background_vertical_offset=&#8221;0%&#8221; custom_padding_tablet=&#8221;0px||0px||false|false&#8221; custom_padding_phone=&#8221;0px||0px||false|false&#8221; collapsed=&#8221;off&#8221; global_colors_info=&#8221;{}&#8221;][et_pb_row _builder_version=&#8221;4.21.0&#8243; _module_preset=&#8221;default&#8221; width=&#8221;65%&#8221; collapsed=&#8221;off&#8221; global_colors_info=&#8221;{}&#8221;][et_pb_column type=&#8221;4_4&#8243; _builder_version=&#8221;4.21.0&#8243; _module_preset=&#8221;default&#8221; global_colors_info=&#8221;{}&#8221;][dnxte_coverflowslider_parent dnxte_coverflow_autoplay_delay=&#8221;4000&#8243; dnxte_coverflow_loop=&#8221;on&#8221; dnxte_coverflow_mousewheel_enable=&#8221;off&#8221; dnxte_coverflow_spacebetween=&#8221;25&#8243; dnxte_coverflow_breakpoint_desktop=&#8221;6&#8243; lightbox_showhide=&#8221;on&#8221; _builder_version=&#8221;4.21.0&#8243; _module_preset=&#8221;default&#8221; global_colors_info=&#8221;{}&#8221;][dnxte_coverflowslider_child coverflowslider_image=&#8221;https:\/\/laescuelitanyc.org\/wp-content\/uploads\/2023\/05\/la-escuelita-gallery-7.jpg&#8221; _builder_version=&#8221;4.21.0&#8243; _module_preset=&#8221;default&#8221; global_colors_info=&#8221;{}&#8221;][\/dnxte_coverflowslider_child][dnxte_coverflowslider_child coverflowslider_image=&#8221;https:\/\/laescuelitanyc.org\/wp-content\/uploads\/2023\/05\/la-escuelita-gallery-6.jpg&#8221; _builder_version=&#8221;4.21.0&#8243; _module_preset=&#8221;default&#8221; global_colors_info=&#8221;{}&#8221;][\/dnxte_coverflowslider_child][dnxte_coverflowslider_child coverflowslider_image=&#8221;https:\/\/laescuelitanyc.org\/wp-content\/uploads\/2023\/05\/la-escuelita-gallery-5.jpg&#8221; _builder_version=&#8221;4.21.0&#8243; _module_preset=&#8221;default&#8221; global_colors_info=&#8221;{}&#8221;][\/dnxte_coverflowslider_child][dnxte_coverflowslider_child coverflowslider_image=&#8221;https:\/\/laescuelitanyc.org\/wp-content\/uploads\/2023\/05\/la-escuelita-gallery-4.jpg&#8221; _builder_version=&#8221;4.21.0&#8243; _module_preset=&#8221;default&#8221; global_colors_info=&#8221;{}&#8221;][\/dnxte_coverflowslider_child][dnxte_coverflowslider_child coverflowslider_image=&#8221;https:\/\/laescuelitanyc.org\/wp-content\/uploads\/2023\/05\/la-escuelita-gallery-3.jpg&#8221; _builder_version=&#8221;4.21.0&#8243; _module_preset=&#8221;default&#8221; global_colors_info=&#8221;{}&#8221;][\/dnxte_coverflowslider_child][dnxte_coverflowslider_child coverflowslider_image=&#8221;https:\/\/laescuelitanyc.org\/wp-content\/uploads\/2023\/05\/la-escuelita-gallery-2.jpg&#8221; _builder_version=&#8221;4.21.0&#8243; _module_preset=&#8221;default&#8221; global_colors_info=&#8221;{}&#8221;][\/dnxte_coverflowslider_child][dnxte_coverflowslider_child coverflowslider_image=&#8221;https:\/\/laescuelitanyc.org\/wp-content\/uploads\/2023\/07\/la-escuelita-gallery-005.jpg&#8221; _builder_version=&#8221;4.21.0&#8243; _module_preset=&#8221;default&#8221; global_colors_info=&#8221;{}&#8221;][\/dnxte_coverflowslider_child][dnxte_coverflowslider_child coverflowslider_image=&#8221;https:\/\/laescuelitanyc.org\/wp-content\/uploads\/2023\/07\/la-escuelita-gallery-006.jpg&#8221; _builder_version=&#8221;4.21.0&#8243; _module_preset=&#8221;default&#8221; global_colors_info=&#8221;{}&#8221;][\/dnxte_coverflowslider_child][dnxte_coverflowslider_child coverflowslider_image=&#8221;https:\/\/laescuelitanyc.org\/wp-content\/uploads\/2023\/07\/la-escuelita-gallery-004.jpg&#8221; _builder_version=&#8221;4.21.0&#8243; _module_preset=&#8221;default&#8221; global_colors_info=&#8221;{}&#8221;][\/dnxte_coverflowslider_child][\/dnxte_coverflowslider_parent][\/et_pb_column][\/et_pb_row][\/et_pb_section][et_pb_section fb_built=&#8221;1&#8243; admin_label=&#8221;Testimonials&#8221; module_class=&#8221;cloud-wrap&#8221; _builder_version=&#8221;4.21.0&#8243; _module_preset=&#8221;default&#8221; background_color=&#8221;#FFFFFF&#8221; background_image=&#8221;https:\/\/laescuelitanyc.org\/wp-content\/uploads\/2023\/05\/testimonial-quote.svg&#8221; background_size=&#8221;custom&#8221; background_image_width=&#8221;200px&#8221; background_image_height=&#8221;200px&#8221; background_position=&#8221;top_left&#8221; background_horizontal_offset=&#8221;5%&#8221; background_vertical_offset=&#8221;18%&#8221; custom_padding=&#8221;75px||0px||false|false&#8221; top_divider_style=&#8221;wave&#8221; top_divider_color=&#8221;#fff3e9&#8243; collapsed=&#8221;off&#8221; global_colors_info=&#8221;{}&#8221;][et_pb_row _builder_version=&#8221;4.21.0&#8243; _module_preset=&#8221;default&#8221; background_enable_image=&#8221;off&#8221; background_size=&#8221;custom&#8221; background_image_width=&#8221;125px&#8221; background_position=&#8221;top_left&#8221; collapsed=&#8221;on&#8221; global_colors_info=&#8221;{}&#8221;][et_pb_column type=&#8221;4_4&#8243; _builder_version=&#8221;4.21.0&#8243; _module_preset=&#8221;default&#8221; global_colors_info=&#8221;{}&#8221;][et_pb_text module_class=&#8221;wavy orange-wave&#8221; _builder_version=&#8221;4.21.0&#8243; _module_preset=&#8221;default&#8221; text_orientation=&#8221;center&#8221; custom_margin=&#8221;||0px||false|false&#8221; global_colors_info=&#8221;{}&#8221;]<\/p>\n<h3>Palabras elogiosas de padres como usted<\/h3>\n<p>[\/et_pb_text][et_pb_code _builder_version=&#8221;4.21.0&#8243; _module_preset=&#8221;default&#8221; global_colors_info=&#8221;{}&#8221;]<div class=\"testimonial-container\"><button class=\"testimonial-arrow testimonial-arrow-left\" onclick=\"slideTestimonials(-1)\">&#8249;<\/button><div class=\"testimonial-slider\"><div class=\"testimonial-items\"><div class=\"testimonial-item\"><div class=\"testimonial-content\">La Escuelita ha sido todo lo que esper\u00e1bamos y m\u00e1s - profesores y personal incre\u00edbles, una gran preparaci\u00f3n para nuestra hija y una comunidad maravillosamente solidaria.<\/div><div class=\"testimonial-name\">David<\/div><div class=\"testimonial-profession\"><\/div><\/div><div class=\"testimonial-item\"><div class=\"testimonial-content\"><span style=\"font-weight: 400;\">La Escuelita es un hogar lejos del hogar para toda la familia y estamos agradecidos por ello cada d\u00eda.<\/span><\/div><div class=\"testimonial-name\">Molly<\/div><div class=\"testimonial-profession\"><\/div><\/div><div class=\"testimonial-item\"><div class=\"testimonial-content\"><div><span style=\"font-weight: 400;\">La Escuelita es todo lo que usted podr\u00eda desear como padre y m\u00e1s: un programa enriquecido, basado en el juego y con informaci\u00f3n socio-emocional, con profesores que...<\/div><div class=\"testimonial-hidden-content\" style=\"display:none;\"> cultivan el sentido de la curiosidad. Todo esto y, adem\u00e1s, \u00a1en dos idiomas!<\/span><\/div><button class=\"testimonial-read-more-button\">Show More<\/button><\/div><div class=\"testimonial-name\">Jake<\/div><div class=\"testimonial-profession\"><\/div><\/div><div class=\"testimonial-item\"><div class=\"testimonial-content\"><span style=\"font-weight: 400;\">Todos los d\u00edas mi hijo llega a casa sonriente y emocionado para contarme algo nuevo y relevante que ha aprendido en la escuela.<\/span><\/div><div class=\"testimonial-name\">Yael<\/div><div class=\"testimonial-profession\"><\/div><\/div><div class=\"testimonial-item\"><div class=\"testimonial-content\"><span style=\"font-weight: 400;\">Me inspir\u00f3 tanto la ense\u00f1anza en la Escuelita que fui a la escuela a estudiar educaci\u00f3n infantil.<\/span><\/div><div class=\"testimonial-name\">Ivonne<\/div><div class=\"testimonial-profession\"><\/div><\/div><div class=\"testimonial-item\"><div class=\"testimonial-content\"><div><span style=\"font-weight: 400;\">\u00a1Qu\u00e9 regalo fue encontrar La Escuelita en nuestra propia comunidad del Upper West Side! Los profesores son incre\u00edblemente atentos, el plan de estudios basado en el...<\/div><div class=\"testimonial-hidden-content\" style=\"display:none;\"> juego es divertido y atractivo, y los ni\u00f1os realmente prosperan en espa\u00f1ol, independientemente de sus antecedentes. Nuestros dos hijos pasaron por La Escuelita y ahora est\u00e1n en la escuela primaria, pero los amigos que hemos hecho entre los ni\u00f1os y los padres se han quedado con nosotros durante a\u00f1os.<\/span><\/div><button class=\"testimonial-read-more-button\">Show More<\/button><\/div><div class=\"testimonial-name\">Abhishek<\/div><div class=\"testimonial-profession\"><\/div><\/div><div class=\"testimonial-item\"><div class=\"testimonial-content\"><span style=\"font-weight: 400;\">En casa no hablamos espa\u00f1ol y me ha sorprendido lo r\u00e1pido que mis hijos lo han aprendido en La Escuelita.<\/span><\/div><div class=\"testimonial-name\">Umi<\/div><div class=\"testimonial-profession\"><\/div><\/div><div class=\"testimonial-item\"><div class=\"testimonial-content\"><span style=\"font-weight: 400;\">Mis dos hijos fueron a Escuelita, y he estado continuamente impresionado por el calibre y la inventiva de los profesores.<\/span><\/div><div class=\"testimonial-name\">Lindsay<\/div><div class=\"testimonial-profession\"><\/div><\/div><div class=\"testimonial-item\"><div class=\"testimonial-content\"><span style=\"font-weight: 400;\">Me encanta la comunidad de La Escuelita. Es c\u00e1lido, acogedor y realista.<\/span><\/div><div class=\"testimonial-name\">Daniel<\/div><div class=\"testimonial-profession\"><\/div><\/div><div class=\"testimonial-item\"><div class=\"testimonial-content\"><div>Elegir La Escuelita para nuestra hija fue una de nuestras mejores decisiones al mudarnos a NYC. Los profesores hacen que el aprendizaje sea divertido y se preocupan sin cesar por los ni\u00f1os, el...<\/div><div class=\"testimonial-hidden-content\" style=\"display:none;\"> personal se asegura de que la escuela est\u00e9 bien gestionada y la comunicaci\u00f3n fluya, la comunidad se apoya incondicionalmente y la confianza de mi hija y su capacidad con el espa\u00f1ol se han disparado.<\/div><button class=\"testimonial-read-more-button\">Show More<\/button><\/div><div class=\"testimonial-name\">Rebecca<\/div><div class=\"testimonial-profession\"><\/div><\/div><div class=\"testimonial-item\"><div class=\"testimonial-content\"><div><span style=\"font-weight: 400;\">La joya oculta de los centros preescolares Todos los miembros del personal, desde los profesores hasta la administraci\u00f3n, trabajan juntos para crear un entorno...<\/div><div class=\"testimonial-hidden-content\" style=\"display:none;\"> enriquecedor en el que los ni\u00f1os se sientan seguros y c\u00f3modos. Hay un verdadero ambiente de comunidad. Es un programa maravilloso para todos los ni\u00f1os, independientemente de cualquier conocimiento previo del espa\u00f1ol en el hogar.<\/span><\/div><button class=\"testimonial-read-more-button\">Show More<\/button><\/div><div class=\"testimonial-name\">Megan<\/div><div class=\"testimonial-profession\"><\/div><\/div><\/div><\/div><button class=\"testimonial-arrow testimonial-arrow-right\" onclick=\"slideTestimonials(1)\">&#8250;<\/button><\/div>[\/et_pb_code][et_pb_code _builder_version=&#8221;4.21.2&#8243; _module_preset=&#8221;default&#8221; text_orientation=&#8221;center&#8221; global_colors_info=&#8221;{}&#8221;]<a href=\"https:\/\/laescuelitanyc.org\/es\/explore-nuestra-comunidad\/\" class=\"text-only-link\">Nuestra Comunidad<\/a>[\/et_pb_code][\/et_pb_column][\/et_pb_row][\/et_pb_section][et_pb_section fb_built=&#8221;1&#8243; admin_label=&#8221;Admissions&#8221; module_class=&#8221;dark-section&#8221; _builder_version=&#8221;4.21.0&#8243; _module_preset=&#8221;default&#8221; background_color=&#8221;#303633&#8243; top_divider_style=&#8221;wave&#8221; top_divider_color=&#8221;#FFFFFF&#8221; bottom_divider_color=&#8221;#F5F3F5&#8243; bottom_divider_flip=&#8221;vertical&#8221; collapsed=&#8221;on&#8221; global_colors_info=&#8221;{}&#8221;][et_pb_row _builder_version=&#8221;4.21.0&#8243; _module_preset=&#8221;default&#8221; custom_padding=&#8221;75px||||false|false&#8221; collapsed=&#8221;on&#8221; global_colors_info=&#8221;{}&#8221;][et_pb_column type=&#8221;4_4&#8243; _builder_version=&#8221;4.21.0&#8243; _module_preset=&#8221;default&#8221; global_colors_info=&#8221;{}&#8221;][et_pb_text _builder_version=&#8221;4.21.0&#8243; _module_preset=&#8221;default&#8221; header_2_text_color=&#8221;#FFFFFF&#8221; text_orientation=&#8221;center&#8221; max_width=&#8221;650px&#8221; module_alignment=&#8221;center&#8221; global_colors_info=&#8221;{}&#8221;]<\/p>\n<h2>Admisiones<\/h2>\n<p>[\/et_pb_text][\/et_pb_column][\/et_pb_row][et_pb_row column_structure=&#8221;1_4,1_4,1_4,1_4&#8243; _builder_version=&#8221;4.21.0&#8243; _module_preset=&#8221;default&#8221; collapsed=&#8221;on&#8221; global_colors_info=&#8221;{}&#8221;][et_pb_column type=&#8221;1_4&#8243; _builder_version=&#8221;4.21.0&#8243; _module_preset=&#8221;default&#8221; link_option_url=&#8221;https:\/\/laescuelitanyc.org\/es\/solicitud-de-admision-en-preescolar\/&#8221; global_colors_info=&#8221;{}&#8221;][et_pb_blurb title=&#8221;Proceso&#8221; use_icon=&#8221;on&#8221; font_icon=&#8221;&#xe030;||divi||400&#8243; _builder_version=&#8221;4.21.0&#8243; _module_preset=&#8221;default&#8221; text_orientation=&#8221;center&#8221; link_option_url=&#8221;https:\/\/laescuelitanyc.org\/es\/solicitud-de-admision-en-preescolar\/&#8221; global_colors_info=&#8221;{}&#8221;]<\/p>\n<p><span>Conocerse mutuamente<\/span>.<\/p>\n<p>[\/et_pb_blurb][\/et_pb_column][et_pb_column type=&#8221;1_4&#8243; _builder_version=&#8221;4.21.0&#8243; _module_preset=&#8221;default&#8221; link_option_url=&#8221;https:\/\/laescuelitanyc.org\/es\/solicitud-de-admision-en-preescolar\/#tuition-assistance&#8221; global_colors_info=&#8221;{}&#8221;][et_pb_blurb title=&#8221;Matr\u00edcula y ayudas&#8221; use_icon=&#8221;on&#8221; font_icon=&#8221;&#xe010;||divi||400&#8243; _builder_version=&#8221;4.21.0&#8243; _module_preset=&#8221;default&#8221; text_orientation=&#8221;center&#8221; link_option_url=&#8221;https:\/\/laescuelitanyc.org\/es\/solicitud-de-admision-en-preescolar\/#tuition-assistance&#8221; global_colors_info=&#8221;{}&#8221;]<\/p>\n<p>Consulte nuestra estructura de matr\u00edcula y las ayudas econ\u00f3micas disponibles.<\/p>\n<p>[\/et_pb_blurb][\/et_pb_column][et_pb_column type=&#8221;1_4&#8243; _builder_version=&#8221;4.21.0&#8243; _module_preset=&#8221;default&#8221; link_option_url=&#8221;https:\/\/laescuelitanyc.org\/es\/solicitud-de-admision-en-preescolar\/#exmissions&#8221; global_colors_info=&#8221;{}&#8221;][et_pb_blurb title=&#8221;A Kinder&#8221; use_icon=&#8221;on&#8221; font_icon=&#8221;&#x26;||divi||400&#8243; _builder_version=&#8221;4.21.0&#8243; _module_preset=&#8221;default&#8221; text_orientation=&#8221;center&#8221; link_option_url=&#8221;https:\/\/laescuelitanyc.org\/es\/solicitud-de-admision-en-preescolar\/#exmissions&#8221; global_colors_info=&#8221;{}&#8221;]<\/p>\n<p>Apoyo con Kinder para una educaci\u00f3n exitosa.<\/p>\n<p>[\/et_pb_blurb][\/et_pb_column][et_pb_column type=&#8221;1_4&#8243; _builder_version=&#8221;4.21.0&#8243; _module_preset=&#8221;default&#8221; link_option_url=&#8221;https:\/\/laescuelitanyc.org\/es\/solicitud-de-admision-en-preescolar\/#faqs&#8221; global_colors_info=&#8221;{}&#8221;][et_pb_blurb title=&#8221;Preguntas frecuentes&#8221; use_icon=&#8221;on&#8221; font_icon=&#8221;&#x55;||divi||400&#8243; _builder_version=&#8221;4.21.0&#8243; _module_preset=&#8221;default&#8221; text_orientation=&#8221;center&#8221; link_option_url=&#8221;https:\/\/laescuelitanyc.org\/es\/solicitud-de-admision-en-preescolar\/#FAQs&#8221; global_colors_info=&#8221;{}&#8221;]<\/p>\n<p>Respuestas r\u00e1pidas a las preguntas m\u00e1s frecuentes.<\/p>\n<p>[\/et_pb_blurb][\/et_pb_column][\/et_pb_row][\/et_pb_section][et_pb_section fb_built=&#8221;1&#8243; admin_label=&#8221;Instagram&#8221; _builder_version=&#8221;4.21.0&#8243; _module_preset=&#8221;default&#8221; background_color=&#8221;#FFFFFF&#8221; bottom_divider_color=&#8221;#F5F3F5&#8243; bottom_divider_flip=&#8221;vertical&#8221; collapsed=&#8221;on&#8221; global_colors_info=&#8221;{}&#8221;][et_pb_row _builder_version=&#8221;4.21.0&#8243; _module_preset=&#8221;default&#8221; collapsed=&#8221;on&#8221; global_colors_info=&#8221;{}&#8221;][et_pb_column type=&#8221;4_4&#8243; _builder_version=&#8221;4.21.0&#8243; _module_preset=&#8221;default&#8221; global_colors_info=&#8221;{}&#8221;][et_pb_code _builder_version=&#8221;4.21.0&#8243; _module_preset=&#8221;default&#8221; text_orientation=&#8221;center&#8221; custom_margin=&#8221;||0px||false|false&#8221; global_colors_info=&#8221;{}&#8221;]<i style=\"font-size: 25px\" class=\"fab fa-instagram\"><\/i><!-- [et_pb_line_break_holder] -->[\/et_pb_code][et_pb_text _builder_version=&#8221;4.21.0&#8243; _module_preset=&#8221;default&#8221; text_orientation=&#8221;center&#8221; max_width=&#8221;650px&#8221; module_alignment=&#8221;center&#8221; global_colors_info=&#8221;{}&#8221;]<\/p>\n<h2>Vea en Instagram lo que estamos haciendo \u00faltimamente.<\/h2>\n<p>Jugando, explorando, aprendiendo, celebrando y divirti\u00e9ndose![\/et_pb_text][\/et_pb_column][\/et_pb_row][et_pb_row _builder_version=&#8221;4.21.0&#8243; _module_preset=&#8221;default&#8221; collapsed=&#8221;on&#8221; global_colors_info=&#8221;{}&#8221;][et_pb_column type=&#8221;4_4&#8243; _builder_version=&#8221;4.21.0&#8243; _module_preset=&#8221;default&#8221; global_colors_info=&#8221;{}&#8221;][et_pb_code _builder_version=&#8221;4.21.0&#8243; _module_preset=&#8221;default&#8221; global_colors_info=&#8221;{}&#8221;]\n<div id=\"sb_instagram\"  class=\"sbi sbi_mob_col_2 sbi_tab_col_4 sbi_col_5 sbi_width_resp\" style=\"padding-bottom: 10px;\"\t data-feedid=\"*2\"  data-res=\"auto\" data-cols=\"5\" data-colsmobile=\"2\" data-colstablet=\"4\" data-num=\"5\" data-nummobile=\"4\" data-item-padding=\"5\"\t data-shortcode-atts=\"{&quot;feed&quot;:&quot;2&quot;}\"  data-postid=\"2787\" data-locatornonce=\"a2db5ec3b4\" data-imageaspectratio=\"1:1\" data-sbi-flags=\"favorLocal\">\n\t\n\t<div id=\"sbi_images\"  style=\"gap: 10px;\">\n\t\t<div class=\"sbi_item sbi_type_image sbi_new sbi_transition\"\n\tid=\"sbi_18093613267500198\" data-date=\"1732636119\">\n\t<div class=\"sbi_photo_wrap\">\n\t\t<a class=\"sbi_photo\" href=\"https:\/\/www.instagram.com\/p\/DC1xXzLRpvC\/\" target=\"_blank\" rel=\"noopener nofollow\" data-full-res=\"https:\/\/scontent-iad3-2.cdninstagram.com\/v\/t39.30808-6\/468362135_1114036744059825_7674161680891847983_n.jpg?_nc_cat=111&#038;ccb=1-7&#038;_nc_sid=18de74&#038;_nc_ohc=Hyyw87uDYmIQ7kNvgF87Mif&#038;_nc_zt=23&#038;_nc_ht=scontent-iad3-2.cdninstagram.com&#038;edm=ANo9K5cEAAAA&#038;_nc_gid=AB1gV0uHBxWGhq7E_mbydzb&#038;oh=00_AYC6px9o9vdt8o_zM6zq592XgFxgq_mKb8aEt_-TMQg7dw&#038;oe=67564A9F\" data-img-src-set=\"{&quot;d&quot;:&quot;https:\\\/\\\/scontent-iad3-2.cdninstagram.com\\\/v\\\/t39.30808-6\\\/468362135_1114036744059825_7674161680891847983_n.jpg?_nc_cat=111&amp;ccb=1-7&amp;_nc_sid=18de74&amp;_nc_ohc=Hyyw87uDYmIQ7kNvgF87Mif&amp;_nc_zt=23&amp;_nc_ht=scontent-iad3-2.cdninstagram.com&amp;edm=ANo9K5cEAAAA&amp;_nc_gid=AB1gV0uHBxWGhq7E_mbydzb&amp;oh=00_AYC6px9o9vdt8o_zM6zq592XgFxgq_mKb8aEt_-TMQg7dw&amp;oe=67564A9F&quot;,&quot;150&quot;:&quot;https:\\\/\\\/scontent-iad3-2.cdninstagram.com\\\/v\\\/t39.30808-6\\\/468362135_1114036744059825_7674161680891847983_n.jpg?_nc_cat=111&amp;ccb=1-7&amp;_nc_sid=18de74&amp;_nc_ohc=Hyyw87uDYmIQ7kNvgF87Mif&amp;_nc_zt=23&amp;_nc_ht=scontent-iad3-2.cdninstagram.com&amp;edm=ANo9K5cEAAAA&amp;_nc_gid=AB1gV0uHBxWGhq7E_mbydzb&amp;oh=00_AYC6px9o9vdt8o_zM6zq592XgFxgq_mKb8aEt_-TMQg7dw&amp;oe=67564A9F&quot;,&quot;320&quot;:&quot;https:\\\/\\\/scontent-iad3-2.cdninstagram.com\\\/v\\\/t39.30808-6\\\/468362135_1114036744059825_7674161680891847983_n.jpg?_nc_cat=111&amp;ccb=1-7&amp;_nc_sid=18de74&amp;_nc_ohc=Hyyw87uDYmIQ7kNvgF87Mif&amp;_nc_zt=23&amp;_nc_ht=scontent-iad3-2.cdninstagram.com&amp;edm=ANo9K5cEAAAA&amp;_nc_gid=AB1gV0uHBxWGhq7E_mbydzb&amp;oh=00_AYC6px9o9vdt8o_zM6zq592XgFxgq_mKb8aEt_-TMQg7dw&amp;oe=67564A9F&quot;,&quot;640&quot;:&quot;https:\\\/\\\/scontent-iad3-2.cdninstagram.com\\\/v\\\/t39.30808-6\\\/468362135_1114036744059825_7674161680891847983_n.jpg?_nc_cat=111&amp;ccb=1-7&amp;_nc_sid=18de74&amp;_nc_ohc=Hyyw87uDYmIQ7kNvgF87Mif&amp;_nc_zt=23&amp;_nc_ht=scontent-iad3-2.cdninstagram.com&amp;edm=ANo9K5cEAAAA&amp;_nc_gid=AB1gV0uHBxWGhq7E_mbydzb&amp;oh=00_AYC6px9o9vdt8o_zM6zq592XgFxgq_mKb8aEt_-TMQg7dw&amp;oe=67564A9F&quot;}\">\n\t\t\t<span class=\"sbi-screenreader\">\u00a1Este verano \u00fanete a nosotros durante 4 semanas de<\/span>\n\t\t\t\t\t\t\t\t\t<img decoding=\"async\" src=\"https:\/\/laescuelitanyc.org\/wp-content\/plugins\/instagram-feed\/img\/placeholder.png\" alt=\"\u00a1Este verano \u00fanete a nosotros durante 4 semanas de diversi\u00f3n en espa\u00f1ol! Ofrecemos opciones de d\u00eda completo o medio d\u00eda.\ud83e\udd29\u00a1Reg\u00edstrese hoy!\ud83e\udd29 \n(Enlace en nuestra bio)\n\n\u00a1Reg\u00edstrate y paga antes del 6 de enero de 2025 y disfruta de un 10% de descuento!\n\nEDADES: 2.5 - 5 \nFECHAS: 30 DE JUNIO - 25 DE JULIO (Cerrado el 4 de julio) \nHORA: 9AM a 12PM o 9AM a 3PM\n100% ESPA\u00d1OL\n\nThis summer join us for 4 weeks of fun en espa\u00f1ol ! We offer full day or half day options.\ud83e\udd29Sign up today!\ud83e\udd29 (Link in our bio) \n\nRegister and pay by January 6, 2025 and enjoy a 10% discount!\n\nAGES: 2.5 - 5 \nDATES: JUNE 30 - JULY 25 (Closed on July 4th) \nTIME: 9AM-12PM OR 9AM-3PM \n100% SPANISH \n#uwspreschools #preschoolsummerprogram #duallanguagepreschool #fullday #halfday #spanishimmersionpreschool #uwssummer\" aria-hidden=\"true\">\n\t\t<\/a>\n\t<\/div>\n<\/div><div class=\"sbi_item sbi_type_carousel sbi_new sbi_transition\"\n\tid=\"sbi_18033571220342732\" data-date=\"1732304966\">\n\t<div class=\"sbi_photo_wrap\">\n\t\t<a class=\"sbi_photo\" href=\"https:\/\/www.instagram.com\/p\/DCr5v2ox2RL\/\" target=\"_blank\" rel=\"noopener nofollow\" data-full-res=\"https:\/\/scontent-iad3-2.cdninstagram.com\/v\/t39.30808-6\/467942252_1111049214358578_5416149938653928349_n.jpg?_nc_cat=103&#038;ccb=1-7&#038;_nc_sid=18de74&#038;_nc_ohc=_T5TxiF8al0Q7kNvgF2soOP&#038;_nc_zt=23&#038;_nc_ht=scontent-iad3-2.cdninstagram.com&#038;edm=ANo9K5cEAAAA&#038;_nc_gid=AB1gV0uHBxWGhq7E_mbydzb&#038;oh=00_AYBiajjTr0QOBjyAMnEiLoWaz8C3ygQwTT7DeLmpg3WlzQ&#038;oe=67565A94\" data-img-src-set=\"{&quot;d&quot;:&quot;https:\\\/\\\/scontent-iad3-2.cdninstagram.com\\\/v\\\/t39.30808-6\\\/467942252_1111049214358578_5416149938653928349_n.jpg?_nc_cat=103&amp;ccb=1-7&amp;_nc_sid=18de74&amp;_nc_ohc=_T5TxiF8al0Q7kNvgF2soOP&amp;_nc_zt=23&amp;_nc_ht=scontent-iad3-2.cdninstagram.com&amp;edm=ANo9K5cEAAAA&amp;_nc_gid=AB1gV0uHBxWGhq7E_mbydzb&amp;oh=00_AYBiajjTr0QOBjyAMnEiLoWaz8C3ygQwTT7DeLmpg3WlzQ&amp;oe=67565A94&quot;,&quot;150&quot;:&quot;https:\\\/\\\/scontent-iad3-2.cdninstagram.com\\\/v\\\/t39.30808-6\\\/467942252_1111049214358578_5416149938653928349_n.jpg?_nc_cat=103&amp;ccb=1-7&amp;_nc_sid=18de74&amp;_nc_ohc=_T5TxiF8al0Q7kNvgF2soOP&amp;_nc_zt=23&amp;_nc_ht=scontent-iad3-2.cdninstagram.com&amp;edm=ANo9K5cEAAAA&amp;_nc_gid=AB1gV0uHBxWGhq7E_mbydzb&amp;oh=00_AYBiajjTr0QOBjyAMnEiLoWaz8C3ygQwTT7DeLmpg3WlzQ&amp;oe=67565A94&quot;,&quot;320&quot;:&quot;https:\\\/\\\/scontent-iad3-2.cdninstagram.com\\\/v\\\/t39.30808-6\\\/467942252_1111049214358578_5416149938653928349_n.jpg?_nc_cat=103&amp;ccb=1-7&amp;_nc_sid=18de74&amp;_nc_ohc=_T5TxiF8al0Q7kNvgF2soOP&amp;_nc_zt=23&amp;_nc_ht=scontent-iad3-2.cdninstagram.com&amp;edm=ANo9K5cEAAAA&amp;_nc_gid=AB1gV0uHBxWGhq7E_mbydzb&amp;oh=00_AYBiajjTr0QOBjyAMnEiLoWaz8C3ygQwTT7DeLmpg3WlzQ&amp;oe=67565A94&quot;,&quot;640&quot;:&quot;https:\\\/\\\/scontent-iad3-2.cdninstagram.com\\\/v\\\/t39.30808-6\\\/467942252_1111049214358578_5416149938653928349_n.jpg?_nc_cat=103&amp;ccb=1-7&amp;_nc_sid=18de74&amp;_nc_ohc=_T5TxiF8al0Q7kNvgF2soOP&amp;_nc_zt=23&amp;_nc_ht=scontent-iad3-2.cdninstagram.com&amp;edm=ANo9K5cEAAAA&amp;_nc_gid=AB1gV0uHBxWGhq7E_mbydzb&amp;oh=00_AYBiajjTr0QOBjyAMnEiLoWaz8C3ygQwTT7DeLmpg3WlzQ&amp;oe=67565A94&quot;}\">\n\t\t\t<span class=\"sbi-screenreader\">\u00a1Clase Anaranjada convirti\u00f3 el gimnasio en un bosq<\/span>\n\t\t\t<svg class=\"svg-inline--fa fa-clone fa-w-16 sbi_lightbox_carousel_icon\" aria-hidden=\"true\" aria-label=\"Clone\" data-fa-pro\u0192cessed=\"\" data-prefix=\"far\" data-icon=\"clone\" role=\"img\" xmlns=\"http:\/\/www.w3.org\/2000\/svg\" viewBox=\"0 0 512 512\">\n                    <path fill=\"currentColor\" d=\"M464 0H144c-26.51 0-48 21.49-48 48v48H48c-26.51 0-48 21.49-48 48v320c0 26.51 21.49 48 48 48h320c26.51 0 48-21.49 48-48v-48h48c26.51 0 48-21.49 48-48V48c0-26.51-21.49-48-48-48zM362 464H54a6 6 0 0 1-6-6V150a6 6 0 0 1 6-6h42v224c0 26.51 21.49 48 48 48h224v42a6 6 0 0 1-6 6zm96-96H150a6 6 0 0 1-6-6V54a6 6 0 0 1 6-6h308a6 6 0 0 1 6 6v308a6 6 0 0 1-6 6z\"><\/path>\n                <\/svg>\t\t\t\t\t\t<img decoding=\"async\" src=\"https:\/\/laescuelitanyc.org\/wp-content\/plugins\/instagram-feed\/img\/placeholder.png\" alt=\"\u00a1Clase Anaranjada convirti\u00f3 el gimnasio en un bosque y disfrutaron explorando y jugando en distintos centros con con sus familias!\ud83e\udd29\ud83c\udf42\n\n\ud83c\udf33\u00c1rea dram\u00e1tica: Ellos disfrutaron de un picnic en una cueva de osos. \n\ud83d\udca7Mesa Sensorial: Exploraron un \u201clago\u201d y encontraron peque\u00f1os tesoros. \n\ud83e\udd8c\u00c1rea de bloques: Usaron su imaginaci\u00f3n junto con bloques de madera para crear y construir un peque\u00f1o bosque.\n\ud83d\udd90\ud83c\udffbMotricidad fina: Los estudiantes jugaron con plastilina y piezas sueltas para crear \u201cmundos peque\u00f1os\u201d.\n\ud83c\udf42Mesa Sensorial: Usaron linternas, pinzas y cuencos para encontrar peque\u00f1os tesoros escondidos entre las hojas. \n\n#learningthroughplay #uwspreschools #duallanguagepreschool #dramaticplay #sensorytable #finemotorskills #preschoolactivity #preschoolblockplay #familyschoolconnection\" aria-hidden=\"true\">\n\t\t<\/a>\n\t<\/div>\n<\/div><div class=\"sbi_item sbi_type_carousel sbi_new sbi_transition\"\n\tid=\"sbi_18011911361451257\" data-date=\"1731102161\">\n\t<div class=\"sbi_photo_wrap\">\n\t\t<a class=\"sbi_photo\" href=\"https:\/\/www.instagram.com\/p\/DCIDlE9x-Tf\/\" target=\"_blank\" rel=\"noopener nofollow\" data-full-res=\"https:\/\/scontent-iad3-2.cdninstagram.com\/v\/t39.30808-6\/465384783_1099989368797896_8923027296894790624_n.jpg?_nc_cat=105&#038;ccb=1-7&#038;_nc_sid=18de74&#038;_nc_ohc=lZVPjYapAsAQ7kNvgER5FWP&#038;_nc_zt=23&#038;_nc_ht=scontent-iad3-2.cdninstagram.com&#038;edm=ANo9K5cEAAAA&#038;_nc_gid=AB1gV0uHBxWGhq7E_mbydzb&#038;oh=00_AYDAWs_as0FXc2Qoewr-yX5O-36Y-ZreetFFSHvm4T7ZkA&#038;oe=675669E2\" data-img-src-set=\"{&quot;d&quot;:&quot;https:\\\/\\\/scontent-iad3-2.cdninstagram.com\\\/v\\\/t39.30808-6\\\/465384783_1099989368797896_8923027296894790624_n.jpg?_nc_cat=105&amp;ccb=1-7&amp;_nc_sid=18de74&amp;_nc_ohc=lZVPjYapAsAQ7kNvgER5FWP&amp;_nc_zt=23&amp;_nc_ht=scontent-iad3-2.cdninstagram.com&amp;edm=ANo9K5cEAAAA&amp;_nc_gid=AB1gV0uHBxWGhq7E_mbydzb&amp;oh=00_AYDAWs_as0FXc2Qoewr-yX5O-36Y-ZreetFFSHvm4T7ZkA&amp;oe=675669E2&quot;,&quot;150&quot;:&quot;https:\\\/\\\/scontent-iad3-2.cdninstagram.com\\\/v\\\/t39.30808-6\\\/465384783_1099989368797896_8923027296894790624_n.jpg?_nc_cat=105&amp;ccb=1-7&amp;_nc_sid=18de74&amp;_nc_ohc=lZVPjYapAsAQ7kNvgER5FWP&amp;_nc_zt=23&amp;_nc_ht=scontent-iad3-2.cdninstagram.com&amp;edm=ANo9K5cEAAAA&amp;_nc_gid=AB1gV0uHBxWGhq7E_mbydzb&amp;oh=00_AYDAWs_as0FXc2Qoewr-yX5O-36Y-ZreetFFSHvm4T7ZkA&amp;oe=675669E2&quot;,&quot;320&quot;:&quot;https:\\\/\\\/scontent-iad3-2.cdninstagram.com\\\/v\\\/t39.30808-6\\\/465384783_1099989368797896_8923027296894790624_n.jpg?_nc_cat=105&amp;ccb=1-7&amp;_nc_sid=18de74&amp;_nc_ohc=lZVPjYapAsAQ7kNvgER5FWP&amp;_nc_zt=23&amp;_nc_ht=scontent-iad3-2.cdninstagram.com&amp;edm=ANo9K5cEAAAA&amp;_nc_gid=AB1gV0uHBxWGhq7E_mbydzb&amp;oh=00_AYDAWs_as0FXc2Qoewr-yX5O-36Y-ZreetFFSHvm4T7ZkA&amp;oe=675669E2&quot;,&quot;640&quot;:&quot;https:\\\/\\\/scontent-iad3-2.cdninstagram.com\\\/v\\\/t39.30808-6\\\/465384783_1099989368797896_8923027296894790624_n.jpg?_nc_cat=105&amp;ccb=1-7&amp;_nc_sid=18de74&amp;_nc_ohc=lZVPjYapAsAQ7kNvgER5FWP&amp;_nc_zt=23&amp;_nc_ht=scontent-iad3-2.cdninstagram.com&amp;edm=ANo9K5cEAAAA&amp;_nc_gid=AB1gV0uHBxWGhq7E_mbydzb&amp;oh=00_AYDAWs_as0FXc2Qoewr-yX5O-36Y-ZreetFFSHvm4T7ZkA&amp;oe=675669E2&quot;}\">\n\t\t\t<span class=\"sbi-screenreader\">\u00a1Nos encantan los viernes de yoga! \ud83e\udd29 Los estudiant<\/span>\n\t\t\t<svg class=\"svg-inline--fa fa-clone fa-w-16 sbi_lightbox_carousel_icon\" aria-hidden=\"true\" aria-label=\"Clone\" data-fa-pro\u0192cessed=\"\" data-prefix=\"far\" data-icon=\"clone\" role=\"img\" xmlns=\"http:\/\/www.w3.org\/2000\/svg\" viewBox=\"0 0 512 512\">\n                    <path fill=\"currentColor\" d=\"M464 0H144c-26.51 0-48 21.49-48 48v48H48c-26.51 0-48 21.49-48 48v320c0 26.51 21.49 48 48 48h320c26.51 0 48-21.49 48-48v-48h48c26.51 0 48-21.49 48-48V48c0-26.51-21.49-48-48-48zM362 464H54a6 6 0 0 1-6-6V150a6 6 0 0 1 6-6h42v224c0 26.51 21.49 48 48 48h224v42a6 6 0 0 1-6 6zm96-96H150a6 6 0 0 1-6-6V54a6 6 0 0 1 6-6h308a6 6 0 0 1 6 6v308a6 6 0 0 1-6 6z\"><\/path>\n                <\/svg>\t\t\t\t\t\t<img decoding=\"async\" src=\"https:\/\/laescuelitanyc.org\/wp-content\/plugins\/instagram-feed\/img\/placeholder.png\" alt=\"\u00a1Nos encantan los viernes de yoga! \ud83e\udd29 Los estudiantes trabajaron en parejas para mejorar su equilibrio y coordinaci\u00f3n. \u00a1Gracias @siomarayogini ! #preschoolyoga #learningthroughplay #duallanguagepreschool #uwspreschools\" aria-hidden=\"true\">\n\t\t<\/a>\n\t<\/div>\n<\/div><div class=\"sbi_item sbi_type_carousel sbi_new sbi_transition\"\n\tid=\"sbi_18052174456939793\" data-date=\"1730743274\">\n\t<div class=\"sbi_photo_wrap\">\n\t\t<a class=\"sbi_photo\" href=\"https:\/\/www.instagram.com\/p\/DB9XDkvP87-\/\" target=\"_blank\" rel=\"noopener nofollow\" data-full-res=\"https:\/\/scontent-iad3-1.cdninstagram.com\/v\/t39.30808-6\/465731470_1096669345796565_8118817948192969503_n.jpg?_nc_cat=101&#038;ccb=1-7&#038;_nc_sid=18de74&#038;_nc_ohc=kZMblaopNCgQ7kNvgFbDBQi&#038;_nc_zt=23&#038;_nc_ht=scontent-iad3-1.cdninstagram.com&#038;edm=ANo9K5cEAAAA&#038;_nc_gid=AB1gV0uHBxWGhq7E_mbydzb&#038;oh=00_AYApC8InMFSSgpnG4c_E4VaQQYabnpoM5VmZXd3GtiSvZA&#038;oe=67564C0C\" data-img-src-set=\"{&quot;d&quot;:&quot;https:\\\/\\\/scontent-iad3-1.cdninstagram.com\\\/v\\\/t39.30808-6\\\/465731470_1096669345796565_8118817948192969503_n.jpg?_nc_cat=101&amp;ccb=1-7&amp;_nc_sid=18de74&amp;_nc_ohc=kZMblaopNCgQ7kNvgFbDBQi&amp;_nc_zt=23&amp;_nc_ht=scontent-iad3-1.cdninstagram.com&amp;edm=ANo9K5cEAAAA&amp;_nc_gid=AB1gV0uHBxWGhq7E_mbydzb&amp;oh=00_AYApC8InMFSSgpnG4c_E4VaQQYabnpoM5VmZXd3GtiSvZA&amp;oe=67564C0C&quot;,&quot;150&quot;:&quot;https:\\\/\\\/scontent-iad3-1.cdninstagram.com\\\/v\\\/t39.30808-6\\\/465731470_1096669345796565_8118817948192969503_n.jpg?_nc_cat=101&amp;ccb=1-7&amp;_nc_sid=18de74&amp;_nc_ohc=kZMblaopNCgQ7kNvgFbDBQi&amp;_nc_zt=23&amp;_nc_ht=scontent-iad3-1.cdninstagram.com&amp;edm=ANo9K5cEAAAA&amp;_nc_gid=AB1gV0uHBxWGhq7E_mbydzb&amp;oh=00_AYApC8InMFSSgpnG4c_E4VaQQYabnpoM5VmZXd3GtiSvZA&amp;oe=67564C0C&quot;,&quot;320&quot;:&quot;https:\\\/\\\/scontent-iad3-1.cdninstagram.com\\\/v\\\/t39.30808-6\\\/465731470_1096669345796565_8118817948192969503_n.jpg?_nc_cat=101&amp;ccb=1-7&amp;_nc_sid=18de74&amp;_nc_ohc=kZMblaopNCgQ7kNvgFbDBQi&amp;_nc_zt=23&amp;_nc_ht=scontent-iad3-1.cdninstagram.com&amp;edm=ANo9K5cEAAAA&amp;_nc_gid=AB1gV0uHBxWGhq7E_mbydzb&amp;oh=00_AYApC8InMFSSgpnG4c_E4VaQQYabnpoM5VmZXd3GtiSvZA&amp;oe=67564C0C&quot;,&quot;640&quot;:&quot;https:\\\/\\\/scontent-iad3-1.cdninstagram.com\\\/v\\\/t39.30808-6\\\/465731470_1096669345796565_8118817948192969503_n.jpg?_nc_cat=101&amp;ccb=1-7&amp;_nc_sid=18de74&amp;_nc_ohc=kZMblaopNCgQ7kNvgFbDBQi&amp;_nc_zt=23&amp;_nc_ht=scontent-iad3-1.cdninstagram.com&amp;edm=ANo9K5cEAAAA&amp;_nc_gid=AB1gV0uHBxWGhq7E_mbydzb&amp;oh=00_AYApC8InMFSSgpnG4c_E4VaQQYabnpoM5VmZXd3GtiSvZA&amp;oe=67564C0C&quot;}\">\n\t\t\t<span class=\"sbi-screenreader\">Esperamos que todas hayan disfrutado su Halloween.<\/span>\n\t\t\t<svg class=\"svg-inline--fa fa-clone fa-w-16 sbi_lightbox_carousel_icon\" aria-hidden=\"true\" aria-label=\"Clone\" data-fa-pro\u0192cessed=\"\" data-prefix=\"far\" data-icon=\"clone\" role=\"img\" xmlns=\"http:\/\/www.w3.org\/2000\/svg\" viewBox=\"0 0 512 512\">\n                    <path fill=\"currentColor\" d=\"M464 0H144c-26.51 0-48 21.49-48 48v48H48c-26.51 0-48 21.49-48 48v320c0 26.51 21.49 48 48 48h320c26.51 0 48-21.49 48-48v-48h48c26.51 0 48-21.49 48-48V48c0-26.51-21.49-48-48-48zM362 464H54a6 6 0 0 1-6-6V150a6 6 0 0 1 6-6h42v224c0 26.51 21.49 48 48 48h224v42a6 6 0 0 1-6 6zm96-96H150a6 6 0 0 1-6-6V54a6 6 0 0 1 6-6h308a6 6 0 0 1 6 6v308a6 6 0 0 1-6 6z\"><\/path>\n                <\/svg>\t\t\t\t\t\t<img decoding=\"async\" src=\"https:\/\/laescuelitanyc.org\/wp-content\/plugins\/instagram-feed\/img\/placeholder.png\" alt=\"Esperamos que todas hayan disfrutado su Halloween. \u00a1Gracias a todos los padres, los ni\u00f1os se lo pasaron genial con sus disfraces! \ud83e\udd29\ud83c\udf83 #learningthroughplay #preschoolhalloween #duallanguagepreschool #uwspreschools\" aria-hidden=\"true\">\n\t\t<\/a>\n\t<\/div>\n<\/div><div class=\"sbi_item sbi_type_carousel sbi_new sbi_transition\"\n\tid=\"sbi_17880997731155016\" data-date=\"1729715420\">\n\t<div class=\"sbi_photo_wrap\">\n\t\t<a class=\"sbi_photo\" href=\"https:\/\/www.instagram.com\/p\/DBeulLjPxZM\/\" target=\"_blank\" rel=\"noopener nofollow\" data-full-res=\"https:\/\/scontent-iad3-1.cdninstagram.com\/v\/t39.30808-6\/464272567_1086809783449188_4371668965914561697_n.jpg?_nc_cat=107&#038;ccb=1-7&#038;_nc_sid=18de74&#038;_nc_ohc=txZv8KaT0d8Q7kNvgEJ1am-&#038;_nc_zt=23&#038;_nc_ht=scontent-iad3-1.cdninstagram.com&#038;edm=ANo9K5cEAAAA&#038;_nc_gid=AB1gV0uHBxWGhq7E_mbydzb&#038;oh=00_AYCrfGd3F-7o0dAmRrvAzNSRn_UlrX10Iaj9NWVZ1PYOhQ&#038;oe=675650BB\" data-img-src-set=\"{&quot;d&quot;:&quot;https:\\\/\\\/scontent-iad3-1.cdninstagram.com\\\/v\\\/t39.30808-6\\\/464272567_1086809783449188_4371668965914561697_n.jpg?_nc_cat=107&amp;ccb=1-7&amp;_nc_sid=18de74&amp;_nc_ohc=txZv8KaT0d8Q7kNvgEJ1am-&amp;_nc_zt=23&amp;_nc_ht=scontent-iad3-1.cdninstagram.com&amp;edm=ANo9K5cEAAAA&amp;_nc_gid=AB1gV0uHBxWGhq7E_mbydzb&amp;oh=00_AYCrfGd3F-7o0dAmRrvAzNSRn_UlrX10Iaj9NWVZ1PYOhQ&amp;oe=675650BB&quot;,&quot;150&quot;:&quot;https:\\\/\\\/scontent-iad3-1.cdninstagram.com\\\/v\\\/t39.30808-6\\\/464272567_1086809783449188_4371668965914561697_n.jpg?_nc_cat=107&amp;ccb=1-7&amp;_nc_sid=18de74&amp;_nc_ohc=txZv8KaT0d8Q7kNvgEJ1am-&amp;_nc_zt=23&amp;_nc_ht=scontent-iad3-1.cdninstagram.com&amp;edm=ANo9K5cEAAAA&amp;_nc_gid=AB1gV0uHBxWGhq7E_mbydzb&amp;oh=00_AYCrfGd3F-7o0dAmRrvAzNSRn_UlrX10Iaj9NWVZ1PYOhQ&amp;oe=675650BB&quot;,&quot;320&quot;:&quot;https:\\\/\\\/scontent-iad3-1.cdninstagram.com\\\/v\\\/t39.30808-6\\\/464272567_1086809783449188_4371668965914561697_n.jpg?_nc_cat=107&amp;ccb=1-7&amp;_nc_sid=18de74&amp;_nc_ohc=txZv8KaT0d8Q7kNvgEJ1am-&amp;_nc_zt=23&amp;_nc_ht=scontent-iad3-1.cdninstagram.com&amp;edm=ANo9K5cEAAAA&amp;_nc_gid=AB1gV0uHBxWGhq7E_mbydzb&amp;oh=00_AYCrfGd3F-7o0dAmRrvAzNSRn_UlrX10Iaj9NWVZ1PYOhQ&amp;oe=675650BB&quot;,&quot;640&quot;:&quot;https:\\\/\\\/scontent-iad3-1.cdninstagram.com\\\/v\\\/t39.30808-6\\\/464272567_1086809783449188_4371668965914561697_n.jpg?_nc_cat=107&amp;ccb=1-7&amp;_nc_sid=18de74&amp;_nc_ohc=txZv8KaT0d8Q7kNvgEJ1am-&amp;_nc_zt=23&amp;_nc_ht=scontent-iad3-1.cdninstagram.com&amp;edm=ANo9K5cEAAAA&amp;_nc_gid=AB1gV0uHBxWGhq7E_mbydzb&amp;oh=00_AYCrfGd3F-7o0dAmRrvAzNSRn_UlrX10Iaj9NWVZ1PYOhQ&amp;oe=675650BB&quot;}\">\n\t\t\t<span class=\"sbi-screenreader\">\u00a1La clase verde disfrut\u00f3 del hermoso clima de oto\u00f1<\/span>\n\t\t\t<svg class=\"svg-inline--fa fa-clone fa-w-16 sbi_lightbox_carousel_icon\" aria-hidden=\"true\" aria-label=\"Clone\" data-fa-pro\u0192cessed=\"\" data-prefix=\"far\" data-icon=\"clone\" role=\"img\" xmlns=\"http:\/\/www.w3.org\/2000\/svg\" viewBox=\"0 0 512 512\">\n                    <path fill=\"currentColor\" d=\"M464 0H144c-26.51 0-48 21.49-48 48v48H48c-26.51 0-48 21.49-48 48v320c0 26.51 21.49 48 48 48h320c26.51 0 48-21.49 48-48v-48h48c26.51 0 48-21.49 48-48V48c0-26.51-21.49-48-48-48zM362 464H54a6 6 0 0 1-6-6V150a6 6 0 0 1 6-6h42v224c0 26.51 21.49 48 48 48h224v42a6 6 0 0 1-6 6zm96-96H150a6 6 0 0 1-6-6V54a6 6 0 0 1 6-6h308a6 6 0 0 1 6 6v308a6 6 0 0 1-6 6z\"><\/path>\n                <\/svg>\t\t\t\t\t\t<img decoding=\"async\" src=\"https:\/\/laescuelitanyc.org\/wp-content\/plugins\/instagram-feed\/img\/placeholder.png\" alt=\"\u00a1La clase verde disfrut\u00f3 del hermoso clima de oto\u00f1o! Recolectaron hojas de diferentes colores mientras exploraban Central Park. \ud83e\udd29\ud83c\udf42 #learningthroughplay #duallanguagepreschool #uwspreschools #uwsparents #exploringcentralpark\" aria-hidden=\"true\">\n\t\t<\/a>\n\t<\/div>\n<\/div>\t<\/div>\n\n\t<div id=\"sbi_load\" >\n\n\t\t\t<button class=\"sbi_load_btn\"\n\t\t\ttype=\"button\" >\n\t\t\t<span class=\"sbi_btn_text\" >Cargar m\u00e1s<\/span>\n\t\t\t<span class=\"sbi_loader sbi_hidden\" style=\"background-color: rgb(255, 255, 255);\" aria-hidden=\"true\"><\/span>\n\t\t<\/button>\n\t\n\t\n<\/div>\n\t\t<span class=\"sbi_resized_image_data\" data-feed-id=\"*2\"\n\t\t  data-resized=\"{&quot;17880997731155016&quot;:{&quot;id&quot;:&quot;464272567_1086809783449188_4371668965914561697_n&quot;,&quot;ratio&quot;:&quot;1.00&quot;,&quot;sizes&quot;:{&quot;full&quot;:640,&quot;low&quot;:320,&quot;thumb&quot;:150},&quot;extension&quot;:&quot;.jpg&quot;},&quot;18052174456939793&quot;:{&quot;id&quot;:&quot;465731470_1096669345796565_8118817948192969503_n&quot;,&quot;ratio&quot;:&quot;1.00&quot;,&quot;sizes&quot;:{&quot;full&quot;:640,&quot;low&quot;:320,&quot;thumb&quot;:150},&quot;extension&quot;:&quot;.jpg&quot;},&quot;18011911361451257&quot;:{&quot;id&quot;:&quot;465384783_1099989368797896_8923027296894790624_n&quot;,&quot;ratio&quot;:&quot;1.00&quot;,&quot;sizes&quot;:{&quot;full&quot;:640,&quot;low&quot;:320,&quot;thumb&quot;:150},&quot;extension&quot;:&quot;.jpg&quot;},&quot;18033571220342732&quot;:{&quot;id&quot;:&quot;467942252_1111049214358578_5416149938653928349_n&quot;,&quot;ratio&quot;:&quot;1.00&quot;,&quot;sizes&quot;:{&quot;full&quot;:640,&quot;low&quot;:320,&quot;thumb&quot;:150},&quot;extension&quot;:&quot;.jpg&quot;},&quot;18093613267500198&quot;:{&quot;id&quot;:&quot;468362135_1114036744059825_7674161680891847983_n&quot;,&quot;ratio&quot;:&quot;1.00&quot;,&quot;sizes&quot;:{&quot;full&quot;:640,&quot;low&quot;:320,&quot;thumb&quot;:150},&quot;extension&quot;:&quot;.jpg&quot;}}\">\n\t<\/span>\n\t<\/div>\n\n[\/et_pb_code][\/et_pb_column][\/et_pb_row][\/et_pb_section]<\/p>\n","protected":false},"excerpt":{"rendered":"<p>[et_pb_section fb_built=&#8221;1&#8243; custom_padding_last_edited=&#8221;on|tablet&#8221; admin_label=&#8221;Hero&#8221; module_class=&#8221;hero-section&#8221; _builder_version=&#8221;4.21.0&#8243; _module_preset=&#8221;default&#8221; background_color=&#8221;#FFBC03&#8243; background_enable_image=&#8221;off&#8221; background_size=&#8221;initial&#8221; background_position=&#8221;top_right&#8221; custom_margin=&#8221;0px||0px||false|false&#8221; custom_padding=&#8221;0px||0px||false|false&#8221; custom_padding_tablet=&#8221;0px||11vh||false|false&#8221; custom_padding_phone=&#8221;0px||11vh||false|false&#8221; top_divider_color=&#8221;#FFFFFF&#8221; top_divider_height=&#8221;50px&#8221; top_divider_flip=&#8221;horizontal|vertical&#8221; bottom_divider_style=&#8221;curve&#8221; bottom_divider_color=&#8221;#FFFFFF&#8221; bottom_divider_arrangement=&#8221;above_content&#8221; background_last_edited=&#8221;on|tablet&#8221; use_background_color_gradient_tablet=&#8221;on&#8221; background_color_gradient_stops_tablet=&#8221;#ffbc03 100%|rgba(255,255,255,0) 100%&#8221; collapsed=&#8221;off&#8221; global_colors_info=&#8221;{}&#8221;][et_pb_row column_structure=&#8221;1_2,1_2&#8243; custom_padding_last_edited=&#8221;on|tablet&#8221; _builder_version=&#8221;4.21.0&#8243; _module_preset=&#8221;default&#8221; background_enable_image=&#8221;off&#8221; width=&#8221;100%&#8221; max_width=&#8221;100%&#8221; custom_padding=&#8221;0px|0px|0px|0px|false|false&#8221; custom_padding_tablet=&#8221;||0px||false|false&#8221; custom_padding_phone=&#8221;||0px||false|false&#8221; animation_style=&#8221;fade&#8221; collapsed=&#8221;off&#8221; global_colors_info=&#8221;{}&#8221;][et_pb_column type=&#8221;1_2&#8243; _builder_version=&#8221;4.21.0&#8243; _module_preset=&#8221;default&#8221; background_enable_color=&#8221;off&#8221; custom_padding=&#8221;8vh|10vw|10vh|10vw|false|true&#8221; custom_padding_tablet=&#8221;6vh|10vw|10vh|10vw|false|true&#8221; custom_padding_phone=&#8221;6vh|10vw|2vh|10vw|false|true&#8221; custom_padding_last_edited=&#8221;on|tablet&#8221; global_colors_info=&#8221;{}&#8221;][dnxte_thumbs_gallery_parent disabled_on=&#8221;off|off|on&#8221; _builder_version=&#8221;4.21.0&#8243; _module_preset=&#8221;default&#8221; global_colors_info=&#8221;{}&#8221;][dnxte_thumbs_gallery_child thumbs_gallery_top_image=&#8221;https:\/\/laescuelitanyc.org\/wp-content\/uploads\/2023\/07\/gallery-two-kids-playing-01.jpg&#8221; [&hellip;]<\/p>\n","protected":false},"author":3,"featured_media":0,"parent":0,"menu_order":0,"comment_status":"closed","ping_status":"closed","template":"","meta":{"_acf_changed":false,"nf_dc_page":"","_et_pb_use_builder":"on","_et_pb_old_content":"","_et_gb_content_width":"","footnotes":""},"class_list":["post-1726","page","type-page","status-publish","hentry"],"acf":[],"_links":{"self":[{"href":"https:\/\/laescuelitanyc.org\/es\/wp-json\/wp\/v2\/pages\/1726","targetHints":{"allow":["GET"]}}],"collection":[{"href":"https:\/\/laescuelitanyc.org\/es\/wp-json\/wp\/v2\/pages"}],"about":[{"href":"https:\/\/laescuelitanyc.org\/es\/wp-json\/wp\/v2\/types\/page"}],"author":[{"embeddable":true,"href":"https:\/\/laescuelitanyc.org\/es\/wp-json\/wp\/v2\/users\/3"}],"replies":[{"embeddable":true,"href":"https:\/\/laescuelitanyc.org\/es\/wp-json\/wp\/v2\/comments?post=1726"}],"version-history":[{"count":5,"href":"https:\/\/laescuelitanyc.org\/es\/wp-json\/wp\/v2\/pages\/1726\/revisions"}],"predecessor-version":[{"id":397556,"href":"https:\/\/laescuelitanyc.org\/es\/wp-json\/wp\/v2\/pages\/1726\/revisions\/397556"}],"wp:attachment":[{"href":"https:\/\/laescuelitanyc.org\/es\/wp-json\/wp\/v2\/media?parent=1726"}],"curies":[{"name":"wp","href":"https:\/\/api.w.org\/{rel}","templated":true}]}}